{"id":662,"date":"2026-07-12T13:30:00","date_gmt":"2026-07-12T16:30:00","guid":{"rendered":"https:\/\/cdn.rmgerencial.com.br\/?page_id=662"},"modified":"2026-07-13T17:48:04","modified_gmt":"2026-07-13T20:48:04","slug":"ana-dias","status":"publish","type":"page","link":"https:\/\/cdn.rmgerencial.com.br\/?page_id=662","title":{"rendered":"Ana Dias"},"content":{"rendered":"\n<h1>\n\t\tAna Dias\t\n<\/h1>\n\t<p>Vamos juntos transformar a sua rotina empreendedora\u00a0 \u00a0 \u00a0 \u00a0 \u00a0 \u00a0 \u00a0 \u00a0 \u00a0\u00a0 com mais clareza, efici\u00eancia e resultados!<\/p>\n\t<!-- submit (eg. mailingboss) --> \n\t\t\t<a\t\t\thref=\"https:\/\/cdn.rmgerencial.com.br\/?page_id=463\"\n\t\t\t\t\t\ttarget=\"_blank\"\n\t\t\tclass=\"button__button\"\n\t\t\trole=\"button\"\n\t\t\t rel=\"noopener\">\n\t<!-- content -->\n\t<!-- icon before -->\n\t<!-- text -->\n\t\t\t\t\tP\u00e1gina de Parceiros\n\t<!-- icon after -->\n\t<\/a>\n<h1>\n\t\tFale com nosso VIP\t\n<\/h1>\n\t\t\t\t    <img  title=\"\" class=\"ba-cheetah-photo-img wp-image-522 size-full\"\n\t\t\t\tsrc=\"https:\/\/cdn.rmgerencial.com.br\/wp-content\/uploads\/2026\/06\/icon.png\"\n\t\t\t\t alt=\" Ana Dias\" \n\t\t\t\t\t\t\t\titemprop=\"image\" \n\t\t\t\theight=\"90\" width=\"90\" onerror=\"this.style.display='none'\"  \/>\n<h1>\n\t\t\t<a \n\t\t\thref=\"https:\/\/wa.me\/21964084573\/\"\n\t\t\ttitle=\"WhatsApp\n\"\n\t\t\ttarget=\"_blank\"\n\t\t\t rel=\"noopener\">\n\t\tWhatsApp\n\t\t<\/a>\n<\/h1>\n\t\t\t\t    <img  title=\"\" class=\"ba-cheetah-photo-img wp-image-523 size-full\"\n\t\t\t\tsrc=\"https:\/\/cdn.rmgerencial.com.br\/wp-content\/uploads\/2026\/06\/icon-1.png\"\n\t\t\t\t alt=\" Ana Dias\" \n\t\t\t\t\t\t\t\titemprop=\"image\" \n\t\t\t\theight=\"90\" width=\"90\" onerror=\"this.style.display='none'\"  \/>\n<h1>\n\t\t\t<a \n\t\t\thref=\"https:\/\/www.instagram.com\/rmgerencial\/\"\n\t\t\ttitle=\"Instagram\n\"\n\t\t\ttarget=\"_blank\"\n\t\t\t rel=\"noopener\">\n\t\tInstagram\n\t\t<\/a>\n<\/h1>\n\t\t\t\t    <img  title=\"\" class=\"ba-cheetah-photo-img wp-image-525 size-full\"\n\t\t\t\tsrc=\"https:\/\/cdn.rmgerencial.com.br\/wp-content\/uploads\/2026\/06\/icon-3.png\"\n\t\t\t\t alt=\" Ana Dias\" \n\t\t\t\t\t\t\t\titemprop=\"image\" \n\t\t\t\theight=\"90\" width=\"90\" onerror=\"this.style.display='none'\"  \/>\n<h1>\n\t\t\t<a \n\t\t\thref=\"https:\/\/www.linkedin.com\/in\/rosane-meneguelli-a53194123\/\"\n\t\t\ttitle=\"LinkedIn\"\n\t\t\ttarget=\"_blank\"\n\t\t\t rel=\"noopener\">\n\t\tLinkedIn\t\n\t\t<\/a>\n<\/h1>\n\t\t\t\t    <img  title=\"\" class=\"ba-cheetah-photo-img wp-image-524 size-full\"\n\t\t\t\tsrc=\"https:\/\/cdn.rmgerencial.com.br\/wp-content\/uploads\/2026\/06\/icon-2.png\"\n\t\t\t\t alt=\" Ana Dias\" \n\t\t\t\t\t\t\t\titemprop=\"image\" \n\t\t\t\theight=\"90\" width=\"90\" onerror=\"this.style.display='none'\"  \/>\n<h1>\n\t\t\t<a \n\t\t\thref=\"https:\/\/rmgerencial.com.br\/home\"\n\t\t\ttitle=\"WebSite\"\n\t\t\ttarget=\"_blank\"\n\t\t\t rel=\"noopener\">\n\t\tWebSite\t\n\t\t<\/a>\n<\/h1>\n\t\t\t\t    <img  title=\"\" class=\"ba-cheetah-photo-img wp-image-474 size-full\"\n\t\t\t\tsrc=\"https:\/\/cdn.rmgerencial.com.br\/wp-content\/uploads\/2026\/04\/9.png\"\n\t\t\t\t alt=\" Ana Dias\" \n\t\t\t\t\t\t\t\titemprop=\"image\" \n\t\t\t\theight=\"387\" width=\"510\" onerror=\"this.style.display='none'\" srcset=\"https:\/\/cdn.rmgerencial.com.br\/wp-content\/uploads\/2026\/04\/9.png 510w, https:\/\/cdn.rmgerencial.com.br\/wp-content\/uploads\/2026\/04\/9-300x228.png 300w, https:\/\/cdn.rmgerencial.com.br\/wp-content\/uploads\/2026\/04\/9-100x76.png 100w\" sizes=\"(max-width: 510px) 100vw, 510px\" \/>\n<h1>\n\t\tAna Dias Espa\u00e7o de Beleza\t\n<\/h1>\n\tFormada em <strong data-start=\"266\" data-end=\"304\">Tecnologia em Est\u00e9tica e Cosm\u00e9tica<\/strong>, com especializa\u00e7\u00e3o em\u00a0<strong data-start=\"328\" data-end=\"358\">Massoterapia, Aromaterapia<\/strong>\u00a0e diversas pr\u00e1ticas integrativas voltadas ao cuidado est\u00e9tico e emocional.\n\n\t<!-- submit (eg. mailingboss) --> \n\t\t\t<a\t\t\thref=\"\"\n\t\t\t\t\t\ttarget=\"_self\"\n\t\t\tclass=\"button__button\"\n\t\t\trole=\"button\">\n\t<!-- content -->\n\t<!-- icon before -->\n\t<!-- text -->\n\t\t\t\t\tFale Comigo\n\t<!-- icon after -->\n\t<\/a>\n<h2>\n\t\tNosso Atendimento\n<\/h2>\n\t\ud83d\udc50\u00a0Cada atendimento \u00e9 pensado com carinho para liberar horm\u00f4nios naturais do corpo que transformam a vida:\n<ul data-start=\"718\" data-end=\"915\">\n<li data-start=\"718\" data-end=\"767\">\n<strong data-start=\"720\" data-end=\"733\">Ocitocina<\/strong>\u00a0&#8211; o horm\u00f4nio do amor e do afeto\n<\/li>\n<li data-start=\"768\" data-end=\"817\">\n<strong data-start=\"770\" data-end=\"783\">Endorfina<\/strong>\u00a0&#8211; alivia dores e traz bem-estar\n<\/li>\n<li data-start=\"818\" data-end=\"860\">\n<strong data-start=\"820\" data-end=\"832\">Dopamina<\/strong>\u00a0&#8211; gera prazer e motiva\u00e7\u00e3o\n<\/li>\n<li data-start=\"861\" data-end=\"915\">\n<strong data-start=\"863\" data-end=\"877\">Serotonina<\/strong>\u00a0&#8211; promove felicidade e melhora o sono\n<\/li>\n<\/ul>\n\ud83d\udc86\u200d\u2640\ufe0f\u00a0<strong data-start=\"923\" data-end=\"993\">Minhas massagens s\u00e3o indicadas para adultos e tamb\u00e9m para crian\u00e7as<\/strong>, respeitando as necessidades de cada fase da vida com cuidado e t\u00e9cnica.\n\ud83c\udf38\u00a0Se voc\u00ea busca um momento de conex\u00e3o com voc\u00ea mesma, autocuidado e leveza, estou aqui para te guiar nessa jornada de transforma\u00e7\u00e3o e equil\u00edbrio.\n\ud83d\udcf2\u00a0Vamos agendar um atendimento ou uma conversa? Seu corpo merece esse carinho.\n\t<!-- submit (eg. mailingboss) --> \n\t\t\t<a\t\t\thref=\"https:\/\/wa.me\/5521%20%20%20%20\"\n\t\t\t\t\t\ttarget=\"_self\"\n\t\t\tclass=\"button__button\"\n\t\t\trole=\"button\">\n\t<!-- content -->\n\t<!-- icon before -->\n\t<!-- text -->\n\t\t\t\t\tFale Comigo\n\t<!-- icon after -->\n\t<\/a>\n\t\t\t\t    <img  title=\"\" class=\"ba-cheetah-photo-img wp-image-772 size-full\"\n\t\t\t\tsrc=\"https:\/\/cdn.rmgerencial.com.br\/wp-content\/uploads\/2026\/07\/parceiros-novo-2026-07-13T173912.780.png\"\n\t\t\t\t alt=\" Ana Dias\" \n\t\t\t\t\t\t\t\titemprop=\"image\" \n\t\t\t\theight=\"387\" width=\"510\" onerror=\"this.style.display='none'\" srcset=\"https:\/\/cdn.rmgerencial.com.br\/wp-content\/uploads\/2026\/07\/parceiros-novo-2026-07-13T173912.780.png 510w, https:\/\/cdn.rmgerencial.com.br\/wp-content\/uploads\/2026\/07\/parceiros-novo-2026-07-13T173912.780-300x228.png 300w, https:\/\/cdn.rmgerencial.com.br\/wp-content\/uploads\/2026\/07\/parceiros-novo-2026-07-13T173912.780-100x76.png 100w\" sizes=\"(max-width: 510px) 100vw, 510px\" \/>\n<h1>\n\t\tDepoimentos\t\n<\/h1>\n<section>\n\t\t\t\t\t\t\t<img  title=\"\" decoding=\"async\" src=\"https:\/\/cdn.rmgerencial.com.br\/wp-content\/uploads\/2026\/07\/parceiros-novo-85.png\"\n\t\t\t\t\t\t\t\t alt=\" Ana Dias\" \/>\n\t\t\t\t\t\t<p>Ana tem m\u00e3os de fada, super leve. A massagem \u00e9 relaxante e alivia al\u00e9m do estresse, renova. Super recomendo.<\/p>\n\t\t\t\t\t<cite>\n\t\t\t\t\t\t\tRosane Meneguelli\t\t\t\t\t\t\n\t\t\t\t\t\t\tCEO RM Gerencial\t\t\t\t\t\t\n\t\t\t\t\t<\/cite>\n\t\t\t\t\t\t\t<img  title=\"\" decoding=\"async\" src=\"https:\/\/cdn.rmgerencial.com.br\/wp-content\/uploads\/2026\/07\/crie-uma-imagem-do-Deus-Eros-Cupido-Google-Gemini-05-31-2026_11_13_AM.png\"\n\t\t\t\t\t\t\t\t alt=\" Ana Dias\" \/>\n\t\t\t\t\t\t<p>A massagem alivia demais, retirou todos os meus n\u00f3dulos. Me senti renovada e pronta para a segunda fase evento.<\/p>\n\t\t\t\t\t<cite>\n\t\t\t\t\t\t\tJaqueline Costa\t\t\t\t\t\t\n\t\t\t\t\t\t\tEstrategista Digital\t\t\t\t\t\t\n\t\t\t\t\t<\/cite>\n\t\t\t\t\t\t\t<img  title=\"\" decoding=\"async\" src=\"https:\/\/cdn.rmgerencial.com.br\/wp-content\/plugins\/builderall-cheetah-for-wp\/img\/demo\/avatar.jpg\"\n\t\t\t\t\t\t\t\t alt=\" Ana Dias\" \/>\n\t\t\t\t\t\t<p>Lorem ipsum dolor sit amet, consectetur adipiscing elit. Pellentesque vel nulla ut odio lacinia faucibus. Vestibulum ut volutpat tellus, eget venenatis odio<\/p>\n\t\t\t\t\t<cite>\n\t\t\t\t\t\t\tJohn Doe\t\t\t\t\t\t\n\t\t\t\t\t\t\tCEO\t\t\t\t\t\t\n\t\t\t\t\t<\/cite>\n<\/section><h1>\n\t\tGaleria de Fotos\t\n<\/h1>\n<h1>\n\t\tFa\u00e7a Parte do CDN\t\n<\/h1>\n\t<!-- submit (eg. mailingboss) --> \n\t\t\t<a\t\t\thref=\"https:\/\/wa.me\/21964084573\/\"\n\t\t\t\t\t\ttarget=\"_blank\"\n\t\t\tclass=\"button__button\"\n\t\t\trole=\"button\"\n\t\t\t rel=\"noopener\">\n\t<!-- content -->\n\t<!-- icon before -->\n\t<!-- text -->\n\t\t\t\t\tFale com a Equipe\n\t<!-- icon after -->\n\t<\/a>\n\n","protected":false},"excerpt":{"rendered":"<p>Ana Dias Vamos juntos transformar a sua rotina empreendedora\u00a0 \u00a0 \u00a0 \u00a0 \u00a0 \u00a0 \u00a0 \u00a0 \u00a0\u00a0 com mais clareza, efici\u00eancia e resultados! P\u00e1gina de Parceiros Fale com nosso VIP WhatsApp Instagram LinkedIn WebSite Ana Dias Espa\u00e7o de Beleza Formada em Tecnologia em Est\u00e9tica e Cosm\u00e9tica, com especializa\u00e7\u00e3o em\u00a0Massoterapia, Aromaterapia\u00a0e diversas pr\u00e1ticas integrativas voltadas ao [&hellip;]<\/p>\n","protected":false},"author":1,"featured_media":0,"parent":0,"menu_order":0,"comment_status":"closed","ping_status":"closed","template":"ba-cheetah-canvas-template","meta":{"_uag_custom_page_level_css":"","footnotes":""},"class_list":["post-662","page","type-page","status-publish","hentry"],"uagb_featured_image_src":{"full":false,"thumbnail":false,"medium":false,"medium_large":false,"large":false,"RoboGalleryMansoryImagesCenter":false,"RoboGalleryPreload":false,"1536x1536":false,"2048x2048":false},"uagb_author_info":{"display_name":"CDN Clube de Neg\u00f3cios","author_link":"https:\/\/cdn.rmgerencial.com.br\/?author=1"},"uagb_comment_info":0,"uagb_excerpt":"Ana Dias Vamos juntos transformar a sua rotina empreendedora\u00a0 \u00a0 \u00a0 \u00a0 \u00a0 \u00a0 \u00a0 \u00a0 \u00a0\u00a0 com mais clareza, efici\u00eancia e resultados! P\u00e1gina de Parceiros Fale com nosso VIP WhatsApp Instagram LinkedIn WebSite Ana Dias Espa\u00e7o de Beleza Formada em Tecnologia em Est\u00e9tica e Cosm\u00e9tica, com especializa\u00e7\u00e3o em\u00a0Massoterapia, Aromaterapia\u00a0e diversas pr\u00e1ticas integrativas voltadas ao&hellip;","_links":{"self":[{"href":"https:\/\/cdn.rmgerencial.com.br\/index.php?rest_route=\/wp\/v2\/pages\/662","targetHints":{"allow":["GET"]}}],"collection":[{"href":"https:\/\/cdn.rmgerencial.com.br\/index.php?rest_route=\/wp\/v2\/pages"}],"about":[{"href":"https:\/\/cdn.rmgerencial.com.br\/index.php?rest_route=\/wp\/v2\/types\/page"}],"author":[{"embeddable":true,"href":"https:\/\/cdn.rmgerencial.com.br\/index.php?rest_route=\/wp\/v2\/users\/1"}],"replies":[{"embeddable":true,"href":"https:\/\/cdn.rmgerencial.com.br\/index.php?rest_route=%2Fwp%2Fv2%2Fcomments&post=662"}],"version-history":[{"count":5,"href":"https:\/\/cdn.rmgerencial.com.br\/index.php?rest_route=\/wp\/v2\/pages\/662\/revisions"}],"predecessor-version":[{"id":773,"href":"https:\/\/cdn.rmgerencial.com.br\/index.php?rest_route=\/wp\/v2\/pages\/662\/revisions\/773"}],"wp:attachment":[{"href":"https:\/\/cdn.rmgerencial.com.br\/index.php?rest_route=%2Fwp%2Fv2%2Fmedia&parent=662"}],"curies":[{"name":"wp","href":"https:\/\/api.w.org\/{rel}","templated":true}]}}