{"id":636,"date":"2026-07-12T13:19:52","date_gmt":"2026-07-12T16:19:52","guid":{"rendered":"https:\/\/cdn.rmgerencial.com.br\/?page_id=636"},"modified":"2026-07-13T20:25:09","modified_gmt":"2026-07-13T23:25:09","slug":"claudio-montzuma","status":"publish","type":"page","link":"https:\/\/cdn.rmgerencial.com.br\/?page_id=636","title":{"rendered":"Claudio Montzuma"},"content":{"rendered":"\n<h1>\n\t\tClaudio Montezuma\t\n<\/h1>\n\t<p>Vamos juntos transformar a sua rotina empreendedora\u00a0 \u00a0 \u00a0 \u00a0 \u00a0 \u00a0 \u00a0 \u00a0 \u00a0\u00a0 com mais clareza, efici\u00eancia e resultados!<\/p>\n\t<!-- submit (eg. mailingboss) --> \n\t\t\t<a\t\t\thref=\"https:\/\/cdn.rmgerencial.com.br\/?page_id=463\"\n\t\t\t\t\t\ttarget=\"_blank\"\n\t\t\tclass=\"button__button\"\n\t\t\trole=\"button\"\n\t\t\t rel=\"noopener\">\n\t<!-- content -->\n\t<!-- icon before -->\n\t<!-- text -->\n\t\t\t\t\tP\u00e1gina de Parceiros\n\t<!-- icon after -->\n\t<\/a>\n<h1>\n\t\tFale com nosso VIP\t\n<\/h1>\n\t\t\t\t    <img  title=\"\" class=\"ba-cheetah-photo-img wp-image-522 size-full\"\n\t\t\t\tsrc=\"https:\/\/cdn.rmgerencial.com.br\/wp-content\/uploads\/2026\/06\/icon.png\"\n\t\t\t\t alt=\" Claudio Montzuma\" \n\t\t\t\t\t\t\t\titemprop=\"image\" \n\t\t\t\theight=\"90\" width=\"90\" onerror=\"this.style.display='none'\"  \/>\n<h1>\n\t\t\t<a \n\t\t\thref=\"https:\/\/wa.me\/21964084573\/\"\n\t\t\ttitle=\"WhatsApp\n\"\n\t\t\ttarget=\"_blank\"\n\t\t\t rel=\"noopener\">\n\t\tWhatsApp\n\t\t<\/a>\n<\/h1>\n\t\t\t\t    <img  title=\"\" class=\"ba-cheetah-photo-img wp-image-523 size-full\"\n\t\t\t\tsrc=\"https:\/\/cdn.rmgerencial.com.br\/wp-content\/uploads\/2026\/06\/icon-1.png\"\n\t\t\t\t alt=\" Claudio Montzuma\" \n\t\t\t\t\t\t\t\titemprop=\"image\" \n\t\t\t\theight=\"90\" width=\"90\" onerror=\"this.style.display='none'\"  \/>\n<h1>\n\t\t\t<a \n\t\t\thref=\"https:\/\/www.instagram.com\/rmgerencial\/\"\n\t\t\ttitle=\"Instagram\n\"\n\t\t\ttarget=\"_blank\"\n\t\t\t rel=\"noopener\">\n\t\tInstagram\n\t\t<\/a>\n<\/h1>\n\t\t\t\t    <img  title=\"\" class=\"ba-cheetah-photo-img wp-image-525 size-full\"\n\t\t\t\tsrc=\"https:\/\/cdn.rmgerencial.com.br\/wp-content\/uploads\/2026\/06\/icon-3.png\"\n\t\t\t\t alt=\" Claudio Montzuma\" \n\t\t\t\t\t\t\t\titemprop=\"image\" \n\t\t\t\theight=\"90\" width=\"90\" onerror=\"this.style.display='none'\"  \/>\n<h1>\n\t\t\t<a \n\t\t\thref=\"https:\/\/www.linkedin.com\/in\/rosane-meneguelli-a53194123\/\"\n\t\t\ttitle=\"LinkedIn\"\n\t\t\ttarget=\"_blank\"\n\t\t\t rel=\"noopener\">\n\t\tLinkedIn\t\n\t\t<\/a>\n<\/h1>\n\t\t\t\t    <img  title=\"\" class=\"ba-cheetah-photo-img wp-image-524 size-full\"\n\t\t\t\tsrc=\"https:\/\/cdn.rmgerencial.com.br\/wp-content\/uploads\/2026\/06\/icon-2.png\"\n\t\t\t\t alt=\" Claudio Montzuma\" \n\t\t\t\t\t\t\t\titemprop=\"image\" \n\t\t\t\theight=\"90\" width=\"90\" onerror=\"this.style.display='none'\"  \/>\n<h1>\n\t\t\t<a \n\t\t\thref=\"https:\/\/rmgerencial.com.br\/home\"\n\t\t\ttitle=\"WebSite\"\n\t\t\ttarget=\"_blank\"\n\t\t\t rel=\"noopener\">\n\t\tWebSite\t\n\t\t<\/a>\n<\/h1>\n\t\t\t\t    <img  title=\"\" class=\"ba-cheetah-photo-img wp-image-491 size-full\"\n\t\t\t\tsrc=\"https:\/\/cdn.rmgerencial.com.br\/wp-content\/uploads\/2026\/04\/24.png\"\n\t\t\t\t alt=\" Claudio Montzuma\" \n\t\t\t\t\t\t\t\titemprop=\"image\" \n\t\t\t\theight=\"387\" width=\"510\" onerror=\"this.style.display='none'\" srcset=\"https:\/\/cdn.rmgerencial.com.br\/wp-content\/uploads\/2026\/04\/24.png 510w, https:\/\/cdn.rmgerencial.com.br\/wp-content\/uploads\/2026\/04\/24-300x228.png 300w, https:\/\/cdn.rmgerencial.com.br\/wp-content\/uploads\/2026\/04\/24-100x76.png 100w\" sizes=\"(max-width: 510px) 100vw, 510px\" \/>\n<h1>\n\t\tMovimento, equil\u00edbrio e Transforma\u00e7\u00e3o\t\n<\/h1>\n\tPor tr\u00e1s de cada profissional dedicado existe uma hist\u00f3ria de prop\u00f3sito, cuidado e transforma\u00e7\u00e3o. \u00c9 assim que podemos definir a trajet\u00f3ria de\u00a0<strong data-start=\"208\" data-end=\"249\">Claudio Montezuma<\/strong>.\nMovido pela paix\u00e3o em ajudar pessoas a alcan\u00e7arem uma vida com mais sa\u00fade, equil\u00edbrio e bem-estar, Claudio construiu sua carreira unindo conhecimento, pr\u00e1tica e sensibilidade humana. Ao longo dos anos, ele se dedicou a aprimorar t\u00e9cnicas e desenvolver uma abordagem que vai muito al\u00e9m do f\u00edsico &#8211; seu trabalho busca cuidar do corpo, restaurar a energia e fortalecer a qualidade de vida de cada pessoa que passa por suas m\u00e3os.\n\t<!-- submit (eg. mailingboss) --> \n\t\t\t<a\t\t\thref=\"https:\/\/wa.me\/21970469604\/\"\n\t\t\t\t\t\ttarget=\"_blank\"\n\t\t\tclass=\"button__button\"\n\t\t\trole=\"button\"\n\t\t\t rel=\"noopener\">\n\t<!-- content -->\n\t<!-- icon before -->\n\t<!-- text -->\n\t\t\t\t\tFale Comigo\n\t<!-- icon after -->\n\t<\/a>\n<h2>\n\t\tComo treinamento\n<\/h2>\n\tClaudio acredita que o movimento e o cuidado terap\u00eautico caminham juntos. Seu m\u00e9todo une treinamento consciente, recupera\u00e7\u00e3o muscular e t\u00e9cnicas de massoterapia que ajudam a aliviar tens\u00f5es, reduzir dores e promover uma verdadeira reconex\u00e3o com o pr\u00f3prio corpo.\nMais do que um profissional, Claudio se tornou um\u00a0<strong data-start=\"1029\" data-end=\"1061\">facilitador de transforma\u00e7\u00e3o<\/strong>, acompanhando seus alunos e clientes em jornadas de supera\u00e7\u00e3o, disciplina e autocuidado. Cada atendimento \u00e9 guiado por aten\u00e7\u00e3o aos detalhes, escuta ativa e o compromisso genu\u00edno de entregar resultados reais.\nSeu trabalho nas redes sociais, especialmente no Instagram\u00a0<strong data-start=\"1330\" data-end=\"1346\">@ctmontezuma<\/strong>, reflete exatamente isso: inspira\u00e7\u00e3o, conhecimento e motiva\u00e7\u00e3o para quem deseja viver com mais energia, sa\u00fade e equil\u00edbrio.\nPorque para Claudio Montezuma, cuidar do corpo \u00e9 tamb\u00e9m\u00a0<strong data-start=\"1528\" data-end=\"1546\">cuidar da vida<\/strong>.\n\u2728\u00a0Movimento. Equil\u00edbrio. Transforma\u00e7\u00e3o.\n\t<!-- submit (eg. mailingboss) --> \n\t\t\t<a\t\t\thref=\"https:\/\/wa.me\/21970469604\/\"\n\t\t\t\t\t\ttarget=\"_blank\"\n\t\t\tclass=\"button__button\"\n\t\t\trole=\"button\"\n\t\t\t rel=\"noopener\">\n\t<!-- content -->\n\t<!-- icon before -->\n\t<!-- text -->\n\t\t\t\t\tFale Comigo\n\t<!-- icon after -->\n\t<\/a>\n\t\t\t\t    <img  title=\"\" class=\"ba-cheetah-photo-img wp-image-786 size-full\"\n\t\t\t\tsrc=\"https:\/\/cdn.rmgerencial.com.br\/wp-content\/uploads\/2026\/07\/parceiros-novo-2026-07-13T200245.299.png\"\n\t\t\t\t alt=\" Claudio Montzuma\" \n\t\t\t\t\t\t\t\titemprop=\"image\" \n\t\t\t\theight=\"387\" width=\"510\" onerror=\"this.style.display='none'\" srcset=\"https:\/\/cdn.rmgerencial.com.br\/wp-content\/uploads\/2026\/07\/parceiros-novo-2026-07-13T200245.299.png 510w, https:\/\/cdn.rmgerencial.com.br\/wp-content\/uploads\/2026\/07\/parceiros-novo-2026-07-13T200245.299-300x228.png 300w, https:\/\/cdn.rmgerencial.com.br\/wp-content\/uploads\/2026\/07\/parceiros-novo-2026-07-13T200245.299-100x76.png 100w\" sizes=\"(max-width: 510px) 100vw, 510px\" \/>\n<h1>\n\t\tDepoimentos\t\n<\/h1>\n<section>\n\t\t\t\t\t\t\t<img  title=\"\" decoding=\"async\" src=\"https:\/\/cdn.rmgerencial.com.br\/wp-content\/uploads\/2026\/07\/parceiros-novo-85.png\"\n\t\t\t\t\t\t\t\t alt=\" Claudio Montzuma\" \/>\n\t\t\t\t\t\t<p>Super recomendo, a massagem al\u00e9m de relaxante \u00e9 revigorante.\u00a0<\/p>\n\t\t\t\t\t<cite>\n\t\t\t\t\t\t\tRosane Meneguelli\t\t\t\t\t\t\n\t\t\t\t\t\t\tCEO RM Gerencial\t\t\t\t\t\t\n\t\t\t\t\t<\/cite>\n\t\t\t\t\t\t\t<img  title=\"\" decoding=\"async\" src=\"https:\/\/cdn.rmgerencial.com.br\/wp-content\/uploads\/2026\/07\/crie-uma-imagem-do-Deus-Eros-Cupido-Google-Gemini-05-31-2026_11_13_AM.png\"\n\t\t\t\t\t\t\t\t alt=\" Claudio Montzuma\" \/>\n\t\t\t\t\t\t<p>Eu estava mega tensionada, com n\u00f3dulos. A massagem junto com o shiatzu, me deu uma aliada.<\/p>\n\t\t\t\t\t<cite>\n\t\t\t\t\t\t\tJaqueline Costa\t\t\t\t\t\t\n\t\t\t\t\t\t\tEstrategista Digital\t\t\t\t\t\t\n\t\t\t\t\t<\/cite>\n\t\t\t\t\t\t\t<img  title=\"\" decoding=\"async\" src=\"https:\/\/cdn.rmgerencial.com.br\/wp-content\/plugins\/builderall-cheetah-for-wp\/img\/demo\/avatar.jpg\"\n\t\t\t\t\t\t\t\t alt=\" Claudio Montzuma\" \/>\n\t\t\t\t\t\t<p>Lorem ipsum dolor sit amet, consectetur adipiscing elit. Pellentesque vel nulla ut odio lacinia faucibus. Vestibulum ut volutpat tellus, eget venenatis odio<\/p>\n\t\t\t\t\t<cite>\n\t\t\t\t\t\t\tJohn Doe\t\t\t\t\t\t\n\t\t\t\t\t\t\tCEO\t\t\t\t\t\t\n\t\t\t\t\t<\/cite>\n<\/section><h1>\n\t\tGaleria de Fotos\t\n<\/h1>\n<h1>\n\t\tFa\u00e7a Parte do CDN\t\n<\/h1>\n\t<!-- submit (eg. mailingboss) --> \n\t\t\t<a\t\t\thref=\"https:\/\/wa.me\/21964084573\/\"\n\t\t\t\t\t\ttarget=\"_blank\"\n\t\t\tclass=\"button__button\"\n\t\t\trole=\"button\"\n\t\t\t rel=\"noopener\">\n\t<!-- content -->\n\t<!-- icon before -->\n\t<!-- text -->\n\t\t\t\t\tFale com a Equipe\n\t<!-- icon after -->\n\t<\/a>\n\n","protected":false},"excerpt":{"rendered":"<p>Claudio Montezuma Vamos juntos transformar a sua rotina empreendedora\u00a0 \u00a0 \u00a0 \u00a0 \u00a0 \u00a0 \u00a0 \u00a0 \u00a0\u00a0 com mais clareza, efici\u00eancia e resultados! P\u00e1gina de Parceiros Fale com nosso VIP WhatsApp Instagram LinkedIn WebSite Movimento, equil\u00edbrio e Transforma\u00e7\u00e3o Por tr\u00e1s de cada profissional dedicado existe uma hist\u00f3ria de prop\u00f3sito, cuidado e transforma\u00e7\u00e3o. \u00c9 assim que [&hellip;]<\/p>\n","protected":false},"author":1,"featured_media":0,"parent":0,"menu_order":0,"comment_status":"closed","ping_status":"closed","template":"ba-cheetah-canvas-template","meta":{"_uag_custom_page_level_css":"","footnotes":""},"class_list":["post-636","page","type-page","status-publish","hentry"],"uagb_featured_image_src":{"full":false,"thumbnail":false,"medium":false,"medium_large":false,"large":false,"RoboGalleryMansoryImagesCenter":false,"RoboGalleryPreload":false,"1536x1536":false,"2048x2048":false},"uagb_author_info":{"display_name":"CDN Clube de Neg\u00f3cios","author_link":"https:\/\/cdn.rmgerencial.com.br\/?author=1"},"uagb_comment_info":0,"uagb_excerpt":"Claudio Montezuma Vamos juntos transformar a sua rotina empreendedora\u00a0 \u00a0 \u00a0 \u00a0 \u00a0 \u00a0 \u00a0 \u00a0 \u00a0\u00a0 com mais clareza, efici\u00eancia e resultados! P\u00e1gina de Parceiros Fale com nosso VIP WhatsApp Instagram LinkedIn WebSite Movimento, equil\u00edbrio e Transforma\u00e7\u00e3o Por tr\u00e1s de cada profissional dedicado existe uma hist\u00f3ria de prop\u00f3sito, cuidado e transforma\u00e7\u00e3o. \u00c9 assim que&hellip;","_links":{"self":[{"href":"https:\/\/cdn.rmgerencial.com.br\/index.php?rest_route=\/wp\/v2\/pages\/636","targetHints":{"allow":["GET"]}}],"collection":[{"href":"https:\/\/cdn.rmgerencial.com.br\/index.php?rest_route=\/wp\/v2\/pages"}],"about":[{"href":"https:\/\/cdn.rmgerencial.com.br\/index.php?rest_route=\/wp\/v2\/types\/page"}],"author":[{"embeddable":true,"href":"https:\/\/cdn.rmgerencial.com.br\/index.php?rest_route=\/wp\/v2\/users\/1"}],"replies":[{"embeddable":true,"href":"https:\/\/cdn.rmgerencial.com.br\/index.php?rest_route=%2Fwp%2Fv2%2Fcomments&post=636"}],"version-history":[{"count":4,"href":"https:\/\/cdn.rmgerencial.com.br\/index.php?rest_route=\/wp\/v2\/pages\/636\/revisions"}],"predecessor-version":[{"id":790,"href":"https:\/\/cdn.rmgerencial.com.br\/index.php?rest_route=\/wp\/v2\/pages\/636\/revisions\/790"}],"wp:attachment":[{"href":"https:\/\/cdn.rmgerencial.com.br\/index.php?rest_route=%2Fwp%2Fv2%2Fmedia&parent=636"}],"curies":[{"name":"wp","href":"https:\/\/api.w.org\/{rel}","templated":true}]}}